{"id":8259,"date":"2019-11-04T14:32:54","date_gmt":"2019-11-04T17:32:54","guid":{"rendered":"http:\/\/www.revista-notariado.org.ar\/?post_type=biografia&#038;p=8259"},"modified":"2020-02-14T14:10:15","modified_gmt":"2020-02-14T17:10:15","slug":"karina-vanesa-salierno","status":"publish","type":"biografia","link":"https:\/\/www.revista-notariado.org.ar\/index.php\/biografia\/karina-vanesa-salierno\/","title":{"rendered":"Karina Vanesa Salierno"},"content":{"rendered":"<p><strong><img loading=\"lazy\" decoding=\"async\" class=\"alignright size-full wp-image-8286\" src=\"https:\/\/www.revista-notariado.org.ar\/wp-content\/uploads\/2019\/11\/Salierno_BIO.jpg\" alt=\"Salierno_BIO\" width=\"200\" height=\"251\" \/><\/strong><\/p>\n<p>&nbsp;<\/p>\n<p><strong>ESTUDIOS REALIZADOS<\/strong><\/p>\n<p><strong><em>Primario y Secundario<\/em><\/strong><\/p>\n<ul>\n<li>Bachillerato con Orientaci\u00f3n Docente.- Colegio Nuestra Se\u00f1ora de la Misericordia de Villa Devoto.- (Egresada 1994).<\/li>\n<\/ul>\n<p><strong><em>Universitario<\/em><\/strong><\/p>\n<ul>\n<li>Bachiller Universitario en Leyes. UBA (Egresada A\u00f1o 2000).<\/li>\n<li>Abogada con Orientaci\u00f3n en Derecho Notarial, Registral e Inmobiliario\u2013 UBA (Egresada a\u00f1o\u00a0 2002, con Diploma de Honor).<\/li>\n<li>Traductorado P\u00fablico de Ingl\u00e9s. UBA.<\/li>\n<\/ul>\n<p><strong><em>Estudio de Postgrado<\/em><\/strong><\/p>\n<ul>\n<li>Acceso a la funci\u00f3n Notarial por XXVIII Concurso para la provisi\u00f3n de titularidades de Registros de Escrituras P\u00fablicas. <strong>Designada seg\u00fan Resoluci\u00f3n N\u00ba 1045 del 10\/10\/2008<\/strong>.- (Ex\u00e1men Escrito: 10 puntos. Ex\u00e1men Oral: 10 puntos)<\/li>\n<\/ul>\n<ul>\n<li>Notaria Especialista en Contrataci\u00f3n y Documentaci\u00f3n Notarial (Carrera de Especializaci\u00f3n en Contrataci\u00f3n y Documentaci\u00f3n Notarial de la Universidad Notarial Argentina (2006-2008).-<\/li>\n<li>Notaria Especialista en T\u00e9cnica Notarial y Practica Documental en las Escrituras y Actas (Especializaci\u00f3n dictada por la Universidad Notarial Argentina (marzo-diciembre 2010).<\/li>\n<\/ul>\n<p><strong><em>Estudios de Formaci\u00f3n Profesional de Postgrado, Especializaci\u00f3n, Congresos, Cursos, Talleres, Master y Jornadas:<\/em><\/strong><\/p>\n<ul>\n<li>Asistente a la XXXVI Jornada Notarial Bonaerense celebrada en Necochea (noviembre 2009). Tema III Actos y Contratos con efectos en terceras personas. Trabajo en equipo: <strong><em>\u201cLa autarqu\u00eda del documento notarial frente a la anarqu\u00eda de las palabras en los contratos con efecto en terceras personas\u201d<\/em>.<\/strong><\/li>\n<li>Coordinadora local de la XXXVII Jornada Notarial Bonaerense celebrada en la Ciudad de Jun\u00edn del 2 al 5 de noviembre de 2011 en el Tema Principio de Legalidad y Calificaci\u00f3n Registral, obteniendo el <strong>premio Acc\u00e9sit compartido por la categor\u00eda Trabajos en equipos, por el trabajo <em>\u201cLa necesidad del documento notarial autosuficiente en un sistema registral declarativo no convalidante\u201d<\/em>.<\/strong><\/li>\n<li>Asistente y participante de la XXXVIII Jornada Notarial Bonaerense celebrada en la Ciudad de Bah\u00eda Blanca 2013. Trabajo presentado: <strong><em>\u201cMatrimonio y uniones convivenciales en el derecho proyectado\u201d.<\/em><\/strong><\/li>\n<li><strong>Primer Premio Editorial Astrea obtenido en la XXXIX Jornada Notarial Bonaerense por el trabajo <em>\u201cLa adquisici\u00f3n legal del derecho real del subadquirente de buena fe y la trascendencia del Estudio de T\u00edtulos\u201d<\/em>.<\/strong> (Publicado en RN 978 y Presentado por el Escribano Marcelo de Hoz en el Seminario Laureano Moreira 2015 desarrollado en CABA). Otros trabajos presentados: <strong><em>\u201cLos derechos y deberes del c\u00f3nyuge separado de bienes\u201d. \u201cEl estatuto legal forzoso de la vivienda familiar\u201d<\/em>.<\/strong><\/li>\n<li>Autora del Comentario de los art\u00edculos 401 al 415 en el C\u00f3digo Civil y Comercial de la Naci\u00f3n notarialmente comentado, coordinado por Eduardo Gabriel Clusellas, Editorial Astrea, 2015.<\/li>\n<li>Colaboradora del Escribano Marcelo de Hoz en la redacci\u00f3n de los art\u00edculos 2073 al 2113 en el C\u00f3digo Civil y Comercial de la Naci\u00f3n notarialmente comentado, coordinado por Eduardo Gabriel Clusellas, Editorial Astrea, 2015.<\/li>\n<li>Asistente y participante de la XXXII Jornada Notarial Argentina celebrada en la Ciudad de Buenos Aires, en agosto de 2016, con el trabajo <strong><em>\u201cIncumbencias Notariales en materia Matrimonial en el C\u00f3digo Civil y Comercial de la Naci\u00f3n\u201d<\/em>. <\/strong><\/li>\n<li>Coordinadora local del Tema II, R\u00e9gimen Patrimonial del Matrimonio de la 40 Jornada Notarial Bonaerense, Necochea, 8-11 de noviembre de 2017.<\/li>\n<li><strong>Primer Premio obtenido en la 40JNB en el Tema II, R\u00e9gimen Patrimonial Matrimonial y Uniones Convivenciales, con el trabajo <em>\u201cEl R\u00e9gimen de la Indivisi\u00f3n Postcomunitaria\u201d<\/em>.<\/strong><\/li>\n<li>Notaria Investigadora en el marco de los Proyectos de investigaci\u00f3n de la UNA, 2017-2018 en la l\u00ednea de investigaci\u00f3n II \u201cReconocimiento del Derecho Humano a la Vivienda\u201d.<\/li>\n<li>XVII Jornada Notarial Iberoamericana 2017, Trabajo en Grupo por Argentina, Tema I, <strong><em>\u201cLa intervenci\u00f3n notarial en la tramitaci\u00f3n sucesoria en Iberoam\u00e9rica. Registro Americano de Testamentos. Especificidades en caso de uniones o matrimonios del mismo sexo. Particularidades de los transg\u00e9neros\u201d<\/em>.<\/strong><\/li>\n<li>Diplomatura en Derecho Registral de la Universidad Notarial Argentina, dictada en la Delegaci\u00f3n San Isidro del Colegio de Escribanos de la Provincia de Buenos Aires (a\u00f1o 20017).<\/li>\n<li>Curso \u201cEl Instrumento P\u00fablico Notarial\u201d Modalidad a distancia del Centro de Estudios Universitarios de la Universidad del Rey Juan Carlos, Madrid, 5\/07\/2018.<\/li>\n<li>Jornada sobre \u201cEl r\u00e9gimen patrimonial del matrimonio en el C\u00f3digo Civil y Comercial de la Naci\u00f3n\u201d. Universidad de Buenos Aires. 22\/08\/2018.<\/li>\n<li>Delegada Provincial en el Tema II. Uniones Convivenciales en la XXXIII Jornada Notarial Argentina, San Carlos de Bariloche, Provincia de Rio Negro, 20-22\/09\/2018.<\/li>\n<li><strong>Segundo Premio obtenido <\/strong>en la XXXIII Jornada Notaria Argentina, San Carlos de Bariloche, Provincia de R\u00edo Negro, <strong>Trabajo <em>\u201cTeor\u00eda de la Invalidez. De la Teor\u00eda de la confrontaci\u00f3n al aspecto positivo de la invalidez y de la ineficacia\u201d,<\/em> <\/strong>correspondiente al Tema Nulidades en el Codigo Civil y Comercial de la Naci\u00f3n.<\/li>\n<li><strong>Premio Acc\u00e9sit obtenido <\/strong>en la XXXIII Jornada Notarial Argentina, San Carlos de Bariloche, Provincia de R\u00edo Negro,<strong> Trabajo <em>\u201cEl R\u00e9gimen Jur\u00eddico de la Convivencia\u201d<\/em> <\/strong>del Tema II, Uniones Convivenciales.<\/li>\n<li><strong>Primer Premio Internacional por la Rep\u00fablica Argentina obtenido <\/strong>el Primer Concurso de Investigaci\u00f3n Jur\u00eddica de la Uni\u00f3n Internacional del Notariado Latino, por el trabajo \u201cEl notario: ciencia, t\u00e9cnica y arte al servicio de las personas vulnerables\u201d.<\/li>\n<\/ul>\n<p><strong><em>\u00a0<\/em><\/strong><strong><em>Cargos Docentes:<\/em><\/strong><\/p>\n<ul>\n<li>Profesora Auxiliar del Escribano Marcelo de Hoz en las materias Estudio de T\u00edtulos y Nuevas Modalidades de Contrataci\u00f3n Inmobiliaria de la Orientaci\u00f3n Notarial del Departamento de Derecho Privado de la Universidad de Buenos Aires.-<\/li>\n<li>Profesora Regular en la materia Derecho Notarial I y II, \u201cLos principios del Notariado Latino frente a la posmodernidad\u201d de la Maestr\u00eda en Derecho Notarial, Registral e Inmobiliario de la UNA.<\/li>\n<li>Profesora Regular en la Carrera de Especializaci\u00f3n en Contrataci\u00f3n y Documentaci\u00f3n Notarial de la Universidad Notarial Argentina.<\/li>\n<li>Profesora Regular del Programa de Capacitaci\u00f3n Nacional del Consejo Federal del Notariado, en el \u00e1mbito del Convenio UNA-CFNA.<\/li>\n<li>Profesora Regular de T\u00e9cnica Notarial de la Diplomatura en Derecho Sucesorio y Planificaci\u00f3n Sucesoria de la Universidad Notarial Argentina.<\/li>\n<li>Profesora Regular del Curso para Concursos de la Universidad Notarial Argentina.<\/li>\n<li>Profesora Regular de la Diplomatura en Documentaci\u00f3n Electr\u00f3nica de la Universidad Notarial Argentina.<\/li>\n<li>Profesora Regular de la Diplomatura en Planificaci\u00f3n Sucesorio de la Universidad Notarial Argentina.<\/li>\n<\/ul>\n<p>&nbsp;<\/p>\n<p><strong><em>Actividades Profesionales: <\/em><\/strong><\/p>\n<ul>\n<li>Directora del Centro de Estudios Notariales de la Delegaci\u00f3n San Isidro del Colegio de Escribanos de la Provincia de Buenos Aires (CESI) desde el a\u00f1o 2014.-<\/li>\n<li>Miembro del Tribunal Calificador del XXX Llamado a Concurso de Oposici\u00f3n y Antecedentes para la provisi\u00f3n de titularidades de Registro de Escrituras P\u00fablicas vacantes de la Provincia de Buenos Aires.<\/li>\n<li>Delegada de la Universidad Notarial Argentina de la Delegaci\u00f3n San Isidro del Colegio de Escribanos de la Provincia de Buenos Aires.<\/li>\n<li>Notaria Investigadora en la III Convocatoria de Concurso de Proyecto de Investigaci\u00f3n 2016-2017<em> del <\/em>Instituto de Derecho Notarial. Categor\u00eda Investigador Novel, en la L\u00ednea de investigaci\u00f3n 6: <strong>TITULO DEL PROYECTO: <em>\u201cLa constitucionalizaci\u00f3n del derecho privado en la protecci\u00f3n del derecho humano fundamental de la vivienda\u201d<\/em>, <\/strong>el que fuera aprobado seg\u00fan Resoluci\u00f3n Rectoral N\u00ba 877 de fecha 30\/08\/2018, obteniendo el <strong>Primer Lugar.\u00a0 <\/strong><\/li>\n<li>Presidente de la Comisi\u00f3n de Legislaci\u00f3n y Jurisprudencia del Colegio de Escribanos de la Provincia de Buenos Aires (2018-2020).<\/li>\n<li>Miembro del Jurado de discernimiento para la obtenci\u00f3n de la Beca a Espa\u00f1a otorgada por el Consejo Federal del Notariado Argentino 2019, en el tema \u201cNuevas Tecnolog\u00edas aplicadas al Comercio Exterior\u201d.<\/li>\n<li>Autora del libro: \u201cR\u00e9gimen Patrimonial del Matrimonio\u201d, desde una perspectiva notarial, Editorial Di Lalla, Buenos Aires, 2019.<\/li>\n<\/ul>\n<p>&nbsp;<\/p>\n<p>&nbsp;<\/p>\n<p>&nbsp;<\/p>\n","protected":false},"excerpt":{"rendered":"<p>&nbsp; ESTUDIOS REALIZADOS Primario y Secundario Bachillerato con Orientaci\u00f3n Docente.- Colegio Nuestra Se\u00f1ora de la Misericordia de Villa Devoto.- (Egresada 1994). Universitario Bachiller Universitario en Leyes. UBA (Egresada A\u00f1o 2000). [&hellip;]<\/p>\n","protected":false},"author":13,"featured_media":0,"menu_order":0,"comment_status":"closed","ping_status":"open","template":"","format":"standard","meta":{"_et_pb_use_builder":"","_et_pb_old_content":"","_et_gb_content_width":"","spay_email":"","footnotes":""},"class_list":["post-8259","biografia","type-biografia","status-publish","format-standard","hentry","cv_autor-bio"],"yoast_head":"<!-- This site is optimized with the Yoast SEO plugin v23.6 - https:\/\/yoast.com\/wordpress\/plugins\/seo\/ -->\n<title>Karina Vanesa Salierno - Revista del Notariado<\/title>\n<meta name=\"robots\" content=\"index, follow, max-snippet:-1, max-image-preview:large, max-video-preview:-1\" \/>\n<link rel=\"canonical\" href=\"https:\/\/www.revista-notariado.org.ar\/index.php\/biografia\/karina-vanesa-salierno\/\" \/>\n<meta property=\"og:locale\" content=\"es_ES\" \/>\n<meta property=\"og:type\" content=\"article\" \/>\n<meta property=\"og:title\" content=\"Karina Vanesa Salierno - Revista del Notariado\" \/>\n<meta property=\"og:description\" content=\"&nbsp; ESTUDIOS REALIZADOS Primario y Secundario Bachillerato con Orientaci\u00f3n Docente.- Colegio Nuestra Se\u00f1ora de la Misericordia de Villa Devoto.- (Egresada 1994). Universitario Bachiller Universitario en Leyes. UBA (Egresada A\u00f1o 2000). [&hellip;]\" \/>\n<meta property=\"og:url\" content=\"https:\/\/www.revista-notariado.org.ar\/index.php\/biografia\/karina-vanesa-salierno\/\" \/>\n<meta property=\"og:site_name\" content=\"Revista del Notariado\" \/>\n<meta property=\"article:publisher\" content=\"https:\/\/www.facebook.com\/revistadelnotariado\/\" \/>\n<meta property=\"article:modified_time\" content=\"2020-02-14T17:10:15+00:00\" \/>\n<meta property=\"og:image\" content=\"https:\/\/www.revista-notariado.org.ar\/wp-content\/uploads\/2019\/11\/Salierno_BIO.jpg\" \/>\n<meta name=\"twitter:card\" content=\"summary_large_image\" \/>\n<meta name=\"twitter:label1\" content=\"Tiempo de lectura\" \/>\n\t<meta name=\"twitter:data1\" content=\"6 minutos\" \/>\n<script type=\"application\/ld+json\" class=\"yoast-schema-graph\">{\"@context\":\"https:\/\/schema.org\",\"@graph\":[{\"@type\":\"WebPage\",\"@id\":\"https:\/\/www.revista-notariado.org.ar\/index.php\/biografia\/karina-vanesa-salierno\/\",\"url\":\"https:\/\/www.revista-notariado.org.ar\/index.php\/biografia\/karina-vanesa-salierno\/\",\"name\":\"Karina Vanesa Salierno - Revista del Notariado\",\"isPartOf\":{\"@id\":\"https:\/\/www.revista-notariado.org.ar\/#website\"},\"primaryImageOfPage\":{\"@id\":\"https:\/\/www.revista-notariado.org.ar\/index.php\/biografia\/karina-vanesa-salierno\/#primaryimage\"},\"image\":{\"@id\":\"https:\/\/www.revista-notariado.org.ar\/index.php\/biografia\/karina-vanesa-salierno\/#primaryimage\"},\"thumbnailUrl\":\"https:\/\/www.revista-notariado.org.ar\/wp-content\/uploads\/2019\/11\/Salierno_BIO.jpg\",\"datePublished\":\"2019-11-04T17:32:54+00:00\",\"dateModified\":\"2020-02-14T17:10:15+00:00\",\"breadcrumb\":{\"@id\":\"https:\/\/www.revista-notariado.org.ar\/index.php\/biografia\/karina-vanesa-salierno\/#breadcrumb\"},\"inLanguage\":\"es\",\"potentialAction\":[{\"@type\":\"ReadAction\",\"target\":[\"https:\/\/www.revista-notariado.org.ar\/index.php\/biografia\/karina-vanesa-salierno\/\"]}]},{\"@type\":\"ImageObject\",\"inLanguage\":\"es\",\"@id\":\"https:\/\/www.revista-notariado.org.ar\/index.php\/biografia\/karina-vanesa-salierno\/#primaryimage\",\"url\":\"https:\/\/www.revista-notariado.org.ar\/\/wp-content\/uploads\/2019\/11\/Salierno_BIO.jpg\",\"contentUrl\":\"https:\/\/www.revista-notariado.org.ar\/\/wp-content\/uploads\/2019\/11\/Salierno_BIO.jpg\",\"width\":200,\"height\":251},{\"@type\":\"BreadcrumbList\",\"@id\":\"https:\/\/www.revista-notariado.org.ar\/index.php\/biografia\/karina-vanesa-salierno\/#breadcrumb\",\"itemListElement\":[{\"@type\":\"ListItem\",\"position\":1,\"name\":\"Portada\",\"item\":\"https:\/\/www.revista-notariado.org.ar\/\"},{\"@type\":\"ListItem\",\"position\":2,\"name\":\"Karina Vanesa Salierno\"}]},{\"@type\":\"WebSite\",\"@id\":\"https:\/\/www.revista-notariado.org.ar\/#website\",\"url\":\"https:\/\/www.revista-notariado.org.ar\/\",\"name\":\"Revista del Notariado\",\"description\":\"Director: Carlos Marcelo D&#039;Alessio\",\"publisher\":{\"@id\":\"https:\/\/www.revista-notariado.org.ar\/#organization\"},\"potentialAction\":[{\"@type\":\"SearchAction\",\"target\":{\"@type\":\"EntryPoint\",\"urlTemplate\":\"https:\/\/www.revista-notariado.org.ar\/?s={search_term_string}\"},\"query-input\":{\"@type\":\"PropertyValueSpecification\",\"valueRequired\":true,\"valueName\":\"search_term_string\"}}],\"inLanguage\":\"es\"},{\"@type\":\"Organization\",\"@id\":\"https:\/\/www.revista-notariado.org.ar\/#organization\",\"name\":\"Revista del Notariado\",\"url\":\"https:\/\/www.revista-notariado.org.ar\/\",\"logo\":{\"@type\":\"ImageObject\",\"inLanguage\":\"es\",\"@id\":\"https:\/\/www.revista-notariado.org.ar\/#\/schema\/logo\/image\/\",\"url\":\"https:\/\/www.revista-notariado.org.ar\/\/wp-content\/uploads\/2020\/06\/Logo-para.mail_.png\",\"contentUrl\":\"https:\/\/www.revista-notariado.org.ar\/\/wp-content\/uploads\/2020\/06\/Logo-para.mail_.png\",\"width\":642,\"height\":80,\"caption\":\"Revista del Notariado\"},\"image\":{\"@id\":\"https:\/\/www.revista-notariado.org.ar\/#\/schema\/logo\/image\/\"},\"sameAs\":[\"https:\/\/www.facebook.com\/revistadelnotariado\/\"]}]}<\/script>\n<!-- \/ Yoast SEO plugin. -->","yoast_head_json":{"title":"Karina Vanesa Salierno - Revista del Notariado","robots":{"index":"index","follow":"follow","max-snippet":"max-snippet:-1","max-image-preview":"max-image-preview:large","max-video-preview":"max-video-preview:-1"},"canonical":"https:\/\/www.revista-notariado.org.ar\/index.php\/biografia\/karina-vanesa-salierno\/","og_locale":"es_ES","og_type":"article","og_title":"Karina Vanesa Salierno - Revista del Notariado","og_description":"&nbsp; ESTUDIOS REALIZADOS Primario y Secundario Bachillerato con Orientaci\u00f3n Docente.- Colegio Nuestra Se\u00f1ora de la Misericordia de Villa Devoto.- (Egresada 1994). Universitario Bachiller Universitario en Leyes. UBA (Egresada A\u00f1o 2000). [&hellip;]","og_url":"https:\/\/www.revista-notariado.org.ar\/index.php\/biografia\/karina-vanesa-salierno\/","og_site_name":"Revista del Notariado","article_publisher":"https:\/\/www.facebook.com\/revistadelnotariado\/","article_modified_time":"2020-02-14T17:10:15+00:00","og_image":[{"url":"https:\/\/www.revista-notariado.org.ar\/wp-content\/uploads\/2019\/11\/Salierno_BIO.jpg"}],"twitter_card":"summary_large_image","twitter_misc":{"Tiempo de lectura":"6 minutos"},"schema":{"@context":"https:\/\/schema.org","@graph":[{"@type":"WebPage","@id":"https:\/\/www.revista-notariado.org.ar\/index.php\/biografia\/karina-vanesa-salierno\/","url":"https:\/\/www.revista-notariado.org.ar\/index.php\/biografia\/karina-vanesa-salierno\/","name":"Karina Vanesa Salierno - Revista del Notariado","isPartOf":{"@id":"https:\/\/www.revista-notariado.org.ar\/#website"},"primaryImageOfPage":{"@id":"https:\/\/www.revista-notariado.org.ar\/index.php\/biografia\/karina-vanesa-salierno\/#primaryimage"},"image":{"@id":"https:\/\/www.revista-notariado.org.ar\/index.php\/biografia\/karina-vanesa-salierno\/#primaryimage"},"thumbnailUrl":"https:\/\/www.revista-notariado.org.ar\/wp-content\/uploads\/2019\/11\/Salierno_BIO.jpg","datePublished":"2019-11-04T17:32:54+00:00","dateModified":"2020-02-14T17:10:15+00:00","breadcrumb":{"@id":"https:\/\/www.revista-notariado.org.ar\/index.php\/biografia\/karina-vanesa-salierno\/#breadcrumb"},"inLanguage":"es","potentialAction":[{"@type":"ReadAction","target":["https:\/\/www.revista-notariado.org.ar\/index.php\/biografia\/karina-vanesa-salierno\/"]}]},{"@type":"ImageObject","inLanguage":"es","@id":"https:\/\/www.revista-notariado.org.ar\/index.php\/biografia\/karina-vanesa-salierno\/#primaryimage","url":"https:\/\/www.revista-notariado.org.ar\/\/wp-content\/uploads\/2019\/11\/Salierno_BIO.jpg","contentUrl":"https:\/\/www.revista-notariado.org.ar\/\/wp-content\/uploads\/2019\/11\/Salierno_BIO.jpg","width":200,"height":251},{"@type":"BreadcrumbList","@id":"https:\/\/www.revista-notariado.org.ar\/index.php\/biografia\/karina-vanesa-salierno\/#breadcrumb","itemListElement":[{"@type":"ListItem","position":1,"name":"Portada","item":"https:\/\/www.revista-notariado.org.ar\/"},{"@type":"ListItem","position":2,"name":"Karina Vanesa Salierno"}]},{"@type":"WebSite","@id":"https:\/\/www.revista-notariado.org.ar\/#website","url":"https:\/\/www.revista-notariado.org.ar\/","name":"Revista del Notariado","description":"Director: Carlos Marcelo D&#039;Alessio","publisher":{"@id":"https:\/\/www.revista-notariado.org.ar\/#organization"},"potentialAction":[{"@type":"SearchAction","target":{"@type":"EntryPoint","urlTemplate":"https:\/\/www.revista-notariado.org.ar\/?s={search_term_string}"},"query-input":{"@type":"PropertyValueSpecification","valueRequired":true,"valueName":"search_term_string"}}],"inLanguage":"es"},{"@type":"Organization","@id":"https:\/\/www.revista-notariado.org.ar\/#organization","name":"Revista del Notariado","url":"https:\/\/www.revista-notariado.org.ar\/","logo":{"@type":"ImageObject","inLanguage":"es","@id":"https:\/\/www.revista-notariado.org.ar\/#\/schema\/logo\/image\/","url":"https:\/\/www.revista-notariado.org.ar\/\/wp-content\/uploads\/2020\/06\/Logo-para.mail_.png","contentUrl":"https:\/\/www.revista-notariado.org.ar\/\/wp-content\/uploads\/2020\/06\/Logo-para.mail_.png","width":642,"height":80,"caption":"Revista del Notariado"},"image":{"@id":"https:\/\/www.revista-notariado.org.ar\/#\/schema\/logo\/image\/"},"sameAs":["https:\/\/www.facebook.com\/revistadelnotariado\/"]}]}},"jetpack_sharing_enabled":true,"_links":{"self":[{"href":"https:\/\/www.revista-notariado.org.ar\/index.php\/wp-json\/wp\/v2\/biografia\/8259"}],"collection":[{"href":"https:\/\/www.revista-notariado.org.ar\/index.php\/wp-json\/wp\/v2\/biografia"}],"about":[{"href":"https:\/\/www.revista-notariado.org.ar\/index.php\/wp-json\/wp\/v2\/types\/biografia"}],"author":[{"embeddable":true,"href":"https:\/\/www.revista-notariado.org.ar\/index.php\/wp-json\/wp\/v2\/users\/13"}],"replies":[{"embeddable":true,"href":"https:\/\/www.revista-notariado.org.ar\/index.php\/wp-json\/wp\/v2\/comments?post=8259"}],"version-history":[{"count":6,"href":"https:\/\/www.revista-notariado.org.ar\/index.php\/wp-json\/wp\/v2\/biografia\/8259\/revisions"}],"predecessor-version":[{"id":8581,"href":"https:\/\/www.revista-notariado.org.ar\/index.php\/wp-json\/wp\/v2\/biografia\/8259\/revisions\/8581"}],"wp:attachment":[{"href":"https:\/\/www.revista-notariado.org.ar\/index.php\/wp-json\/wp\/v2\/media?parent=8259"}],"curies":[{"name":"wp","href":"https:\/\/api.w.org\/{rel}","templated":true}]}}