{"id":8255,"date":"2019-11-04T13:32:47","date_gmt":"2019-11-04T16:32:47","guid":{"rendered":"http:\/\/www.revista-notariado.org.ar\/?post_type=biografia&#038;p=8255"},"modified":"2019-11-06T15:22:55","modified_gmt":"2019-11-06T18:22:55","slug":"carlos-federico-juan-iturres","status":"publish","type":"biografia","link":"https:\/\/www.revista-notariado.org.ar\/index.php\/biografia\/carlos-federico-juan-iturres\/","title":{"rendered":"Carlos Federico Juan Iturres"},"content":{"rendered":"<p><strong><u><img loading=\"lazy\" decoding=\"async\" class=\"alignright size-full wp-image-8299\" src=\"https:\/\/www.revista-notariado.org.ar\/wp-content\/uploads\/2019\/11\/Iturres_BIO.jpg\" alt=\"Iturres_BIO\" width=\"200\" height=\"301\" \/>FORMACI\u00d3N ACAD\u00c9MICA<\/u><\/strong><\/p>\n<p>Abogado (Universidad Nacional de C\u00f3rdoba; Promedio: 9,36).<\/p>\n<p>Maestrando en Maestr\u00eda de Derecho Empresarial (MDE) (Universidad Austral, 2018-Actualidad).<\/p>\n<p>&nbsp;<\/p>\n<p><strong><u>FORMACI\u00d3N ACAD\u00c9MICA ADICIONAL<\/u><\/strong><\/p>\n<ul>\n<li>Asistente en Congreso Nacional de Derecho del Consumidor, la defensa del consumidor a 20 a\u00f1os de la reforma constitucional: balance y perspectivas. Ciudad de C\u00f3rdoba. Septiembre 2014.<\/li>\n<li>Asistente en Seminario de actualizaci\u00f3n Nuevo C\u00f3digo Civil y Comercial de la Naci\u00f3n. Bolsa de Comercio de C\u00f3rdoba. 51 hs. C\u00e1tedra, Septiembre \u2013 Diciembre de 2015.<\/li>\n<li>Expositor en Jornada de Actualizaci\u00f3n en Derecho de Seguros frente a la Ley de Defensa del Consumidor y Nuevo C\u00f3digo Civil y Comercial. Sala de Derecho de Seguros del Instituto de Estudios Jur\u00eddicos del Colegio de Abogados de C\u00f3rdoba. Junio 2016.<\/li>\n<li>Asistente Curso de Actualizaci\u00f3n del Nuevo C\u00f3digo Civil y Comercial. Ciudad de San Francisco. Colegio de Escribanos de la Provincia de C\u00f3rdoba. Agosto \u2013 Septiembre 2016.<\/li>\n<\/ul>\n<p>&nbsp;<\/p>\n<ul>\n<li>Asistente en XIX Jornada Notarial Cordobesa. Ciudad de C\u00f3rdoba. Agosto 2017.<\/li>\n<li>Coordinaci\u00f3n en Curso de Profundizaci\u00f3n en Derecho de los Negocios Inmobiliarios y de la Construcci\u00f3n. Colegio de Abogados de la Provincia de C\u00f3rdoba \u2013 Colegio de Corredores Inmobiliarios de C\u00f3rdoba. Junio \u2013 Septiembre 2017.<\/li>\n<li>Coordinador en fallo Flores de la CSJN. Sus repercusiones para el Derecho de Seguros y Derecho del Consumo. Colegio de Abogados de la Provincia de C\u00f3rdoba. Agosto 2017.<\/li>\n<li>Grupo de investigaci\u00f3n, especializaci\u00f3n, y profundizaci\u00f3n en Derecho del Ambiente. Centro de Investigaciones Jur\u00eddicas y Sociales, Universidad Nacional de C\u00f3rdoba. Marzo &#8211; Junio 2017.<\/li>\n<li>Asistente de C\u00e1tedra en Derecho Privado VII (Derecho de Da\u00f1os). Profesor Dr. Mart\u00edn Juarez Ferrer. Universidad Nacional de C\u00f3rdoba, Facultad de Derecho. A\u00f1os 2016 \u2013 2017.<\/li>\n<li>Asistente de C\u00e1tedra en Derecho Procesal Civil y Comercial. Profesor Dr. Julio Leopoldo Fontaine. Universidad Nacional de C\u00f3rdoba, Facultad de Derecho. A\u00f1o 2017.<\/li>\n<li>Grupo de investigaci\u00f3n en Derecho del Seguro. Colegio de Abogados de C\u00f3rdoba. Sala de Derecho del Seguro. Director Sebasti\u00e1n Cancio. Agosto \u2013 Diciembre 2018.<\/li>\n<\/ul>\n<p>&nbsp;<\/p>\n<p><strong><u>FORMACI\u00d3N PROFESIONAL<\/u><\/strong><\/p>\n<p>C\u00e1mara de Apelaciones en lo Civil, Comercial y Contencioso Administrativo de San Francisco, Poder Judicial de la Provincia de C\u00f3rdoba. 2011.<\/p>\n<p>Estudio Jur\u00eddico Viramonte Abogados. Ciudad de C\u00f3rdoba. Abogado Senior. Experiencia en litigio, asesoramiento y negociaci\u00f3n en asuntos Civiles, Comerciales, Contencioso Administrativos, Seguros, Consumo. 2016 \u2013 Actualidad.<\/p>\n<p>Estudio Jur\u00eddico Notarial Iturres &#8211; Ricci. Ciudad de San Francisco. Asuntos Civiles, Comerciales y Registrales. 2012 \u2013 Actualidad.<\/p>\n<p>&nbsp;<\/p>\n<p><strong><u>DISTINCIONES ACAD\u00c9MICAS<\/u><\/strong><\/p>\n<p>Distinci\u00f3n al \u2018Alumno Sobresaliente\u2019 Universidad Nacional de C\u00f3rdoba Facultad de Derecho. Diploma entregado en 2017.<\/p>\n<p>&nbsp;<\/p>\n","protected":false},"excerpt":{"rendered":"<p>FORMACI\u00d3N ACAD\u00c9MICA Abogado (Universidad Nacional de C\u00f3rdoba; Promedio: 9,36). Maestrando en Maestr\u00eda de Derecho Empresarial (MDE) (Universidad Austral, 2018-Actualidad). &nbsp; FORMACI\u00d3N ACAD\u00c9MICA ADICIONAL Asistente en Congreso Nacional de Derecho del [&hellip;]<\/p>\n","protected":false},"author":13,"featured_media":0,"menu_order":0,"comment_status":"closed","ping_status":"open","template":"","format":"standard","meta":{"_et_pb_use_builder":"","_et_pb_old_content":"","_et_gb_content_width":"","spay_email":"","footnotes":""},"class_list":["post-8255","biografia","type-biografia","status-publish","format-standard","hentry","cv_autor-bio"],"yoast_head":"<!-- This site is optimized with the Yoast SEO plugin v23.6 - https:\/\/yoast.com\/wordpress\/plugins\/seo\/ -->\n<title>Carlos Federico Juan Iturres - Revista del Notariado<\/title>\n<meta name=\"robots\" content=\"index, follow, max-snippet:-1, max-image-preview:large, max-video-preview:-1\" \/>\n<link rel=\"canonical\" href=\"https:\/\/www.revista-notariado.org.ar\/index.php\/biografia\/carlos-federico-juan-iturres\/\" \/>\n<meta property=\"og:locale\" content=\"es_ES\" \/>\n<meta property=\"og:type\" content=\"article\" \/>\n<meta property=\"og:title\" content=\"Carlos Federico Juan Iturres - Revista del Notariado\" \/>\n<meta property=\"og:description\" content=\"FORMACI\u00d3N ACAD\u00c9MICA Abogado (Universidad Nacional de C\u00f3rdoba; Promedio: 9,36). Maestrando en Maestr\u00eda de Derecho Empresarial (MDE) (Universidad Austral, 2018-Actualidad). &nbsp; FORMACI\u00d3N ACAD\u00c9MICA ADICIONAL Asistente en Congreso Nacional de Derecho del [&hellip;]\" \/>\n<meta property=\"og:url\" content=\"https:\/\/www.revista-notariado.org.ar\/index.php\/biografia\/carlos-federico-juan-iturres\/\" \/>\n<meta property=\"og:site_name\" content=\"Revista del Notariado\" \/>\n<meta property=\"article:publisher\" content=\"https:\/\/www.facebook.com\/revistadelnotariado\/\" \/>\n<meta property=\"article:modified_time\" content=\"2019-11-06T18:22:55+00:00\" \/>\n<meta property=\"og:image\" content=\"https:\/\/www.revista-notariado.org.ar\/wp-content\/uploads\/2019\/11\/Iturres_BIO.jpg\" \/>\n<meta name=\"twitter:card\" content=\"summary_large_image\" \/>\n<meta name=\"twitter:label1\" content=\"Tiempo de lectura\" \/>\n\t<meta name=\"twitter:data1\" content=\"2 minutos\" \/>\n<script type=\"application\/ld+json\" class=\"yoast-schema-graph\">{\"@context\":\"https:\/\/schema.org\",\"@graph\":[{\"@type\":\"WebPage\",\"@id\":\"https:\/\/www.revista-notariado.org.ar\/index.php\/biografia\/carlos-federico-juan-iturres\/\",\"url\":\"https:\/\/www.revista-notariado.org.ar\/index.php\/biografia\/carlos-federico-juan-iturres\/\",\"name\":\"Carlos Federico Juan Iturres - Revista del Notariado\",\"isPartOf\":{\"@id\":\"https:\/\/www.revista-notariado.org.ar\/#website\"},\"primaryImageOfPage\":{\"@id\":\"https:\/\/www.revista-notariado.org.ar\/index.php\/biografia\/carlos-federico-juan-iturres\/#primaryimage\"},\"image\":{\"@id\":\"https:\/\/www.revista-notariado.org.ar\/index.php\/biografia\/carlos-federico-juan-iturres\/#primaryimage\"},\"thumbnailUrl\":\"https:\/\/www.revista-notariado.org.ar\/wp-content\/uploads\/2019\/11\/Iturres_BIO.jpg\",\"datePublished\":\"2019-11-04T16:32:47+00:00\",\"dateModified\":\"2019-11-06T18:22:55+00:00\",\"breadcrumb\":{\"@id\":\"https:\/\/www.revista-notariado.org.ar\/index.php\/biografia\/carlos-federico-juan-iturres\/#breadcrumb\"},\"inLanguage\":\"es\",\"potentialAction\":[{\"@type\":\"ReadAction\",\"target\":[\"https:\/\/www.revista-notariado.org.ar\/index.php\/biografia\/carlos-federico-juan-iturres\/\"]}]},{\"@type\":\"ImageObject\",\"inLanguage\":\"es\",\"@id\":\"https:\/\/www.revista-notariado.org.ar\/index.php\/biografia\/carlos-federico-juan-iturres\/#primaryimage\",\"url\":\"https:\/\/www.revista-notariado.org.ar\/\/wp-content\/uploads\/2019\/11\/Iturres_BIO.jpg\",\"contentUrl\":\"https:\/\/www.revista-notariado.org.ar\/\/wp-content\/uploads\/2019\/11\/Iturres_BIO.jpg\",\"width\":200,\"height\":301},{\"@type\":\"BreadcrumbList\",\"@id\":\"https:\/\/www.revista-notariado.org.ar\/index.php\/biografia\/carlos-federico-juan-iturres\/#breadcrumb\",\"itemListElement\":[{\"@type\":\"ListItem\",\"position\":1,\"name\":\"Portada\",\"item\":\"https:\/\/www.revista-notariado.org.ar\/\"},{\"@type\":\"ListItem\",\"position\":2,\"name\":\"Carlos Federico Juan Iturres\"}]},{\"@type\":\"WebSite\",\"@id\":\"https:\/\/www.revista-notariado.org.ar\/#website\",\"url\":\"https:\/\/www.revista-notariado.org.ar\/\",\"name\":\"Revista del Notariado\",\"description\":\"Director: Carlos Marcelo D&#039;Alessio\",\"publisher\":{\"@id\":\"https:\/\/www.revista-notariado.org.ar\/#organization\"},\"potentialAction\":[{\"@type\":\"SearchAction\",\"target\":{\"@type\":\"EntryPoint\",\"urlTemplate\":\"https:\/\/www.revista-notariado.org.ar\/?s={search_term_string}\"},\"query-input\":{\"@type\":\"PropertyValueSpecification\",\"valueRequired\":true,\"valueName\":\"search_term_string\"}}],\"inLanguage\":\"es\"},{\"@type\":\"Organization\",\"@id\":\"https:\/\/www.revista-notariado.org.ar\/#organization\",\"name\":\"Revista del Notariado\",\"url\":\"https:\/\/www.revista-notariado.org.ar\/\",\"logo\":{\"@type\":\"ImageObject\",\"inLanguage\":\"es\",\"@id\":\"https:\/\/www.revista-notariado.org.ar\/#\/schema\/logo\/image\/\",\"url\":\"https:\/\/www.revista-notariado.org.ar\/\/wp-content\/uploads\/2020\/06\/Logo-para.mail_.png\",\"contentUrl\":\"https:\/\/www.revista-notariado.org.ar\/\/wp-content\/uploads\/2020\/06\/Logo-para.mail_.png\",\"width\":642,\"height\":80,\"caption\":\"Revista del Notariado\"},\"image\":{\"@id\":\"https:\/\/www.revista-notariado.org.ar\/#\/schema\/logo\/image\/\"},\"sameAs\":[\"https:\/\/www.facebook.com\/revistadelnotariado\/\"]}]}<\/script>\n<!-- \/ Yoast SEO plugin. -->","yoast_head_json":{"title":"Carlos Federico Juan Iturres - Revista del Notariado","robots":{"index":"index","follow":"follow","max-snippet":"max-snippet:-1","max-image-preview":"max-image-preview:large","max-video-preview":"max-video-preview:-1"},"canonical":"https:\/\/www.revista-notariado.org.ar\/index.php\/biografia\/carlos-federico-juan-iturres\/","og_locale":"es_ES","og_type":"article","og_title":"Carlos Federico Juan Iturres - Revista del Notariado","og_description":"FORMACI\u00d3N ACAD\u00c9MICA Abogado (Universidad Nacional de C\u00f3rdoba; Promedio: 9,36). Maestrando en Maestr\u00eda de Derecho Empresarial (MDE) (Universidad Austral, 2018-Actualidad). &nbsp; FORMACI\u00d3N ACAD\u00c9MICA ADICIONAL Asistente en Congreso Nacional de Derecho del [&hellip;]","og_url":"https:\/\/www.revista-notariado.org.ar\/index.php\/biografia\/carlos-federico-juan-iturres\/","og_site_name":"Revista del Notariado","article_publisher":"https:\/\/www.facebook.com\/revistadelnotariado\/","article_modified_time":"2019-11-06T18:22:55+00:00","og_image":[{"url":"https:\/\/www.revista-notariado.org.ar\/wp-content\/uploads\/2019\/11\/Iturres_BIO.jpg"}],"twitter_card":"summary_large_image","twitter_misc":{"Tiempo de lectura":"2 minutos"},"schema":{"@context":"https:\/\/schema.org","@graph":[{"@type":"WebPage","@id":"https:\/\/www.revista-notariado.org.ar\/index.php\/biografia\/carlos-federico-juan-iturres\/","url":"https:\/\/www.revista-notariado.org.ar\/index.php\/biografia\/carlos-federico-juan-iturres\/","name":"Carlos Federico Juan Iturres - Revista del Notariado","isPartOf":{"@id":"https:\/\/www.revista-notariado.org.ar\/#website"},"primaryImageOfPage":{"@id":"https:\/\/www.revista-notariado.org.ar\/index.php\/biografia\/carlos-federico-juan-iturres\/#primaryimage"},"image":{"@id":"https:\/\/www.revista-notariado.org.ar\/index.php\/biografia\/carlos-federico-juan-iturres\/#primaryimage"},"thumbnailUrl":"https:\/\/www.revista-notariado.org.ar\/wp-content\/uploads\/2019\/11\/Iturres_BIO.jpg","datePublished":"2019-11-04T16:32:47+00:00","dateModified":"2019-11-06T18:22:55+00:00","breadcrumb":{"@id":"https:\/\/www.revista-notariado.org.ar\/index.php\/biografia\/carlos-federico-juan-iturres\/#breadcrumb"},"inLanguage":"es","potentialAction":[{"@type":"ReadAction","target":["https:\/\/www.revista-notariado.org.ar\/index.php\/biografia\/carlos-federico-juan-iturres\/"]}]},{"@type":"ImageObject","inLanguage":"es","@id":"https:\/\/www.revista-notariado.org.ar\/index.php\/biografia\/carlos-federico-juan-iturres\/#primaryimage","url":"https:\/\/www.revista-notariado.org.ar\/\/wp-content\/uploads\/2019\/11\/Iturres_BIO.jpg","contentUrl":"https:\/\/www.revista-notariado.org.ar\/\/wp-content\/uploads\/2019\/11\/Iturres_BIO.jpg","width":200,"height":301},{"@type":"BreadcrumbList","@id":"https:\/\/www.revista-notariado.org.ar\/index.php\/biografia\/carlos-federico-juan-iturres\/#breadcrumb","itemListElement":[{"@type":"ListItem","position":1,"name":"Portada","item":"https:\/\/www.revista-notariado.org.ar\/"},{"@type":"ListItem","position":2,"name":"Carlos Federico Juan Iturres"}]},{"@type":"WebSite","@id":"https:\/\/www.revista-notariado.org.ar\/#website","url":"https:\/\/www.revista-notariado.org.ar\/","name":"Revista del Notariado","description":"Director: Carlos Marcelo D&#039;Alessio","publisher":{"@id":"https:\/\/www.revista-notariado.org.ar\/#organization"},"potentialAction":[{"@type":"SearchAction","target":{"@type":"EntryPoint","urlTemplate":"https:\/\/www.revista-notariado.org.ar\/?s={search_term_string}"},"query-input":{"@type":"PropertyValueSpecification","valueRequired":true,"valueName":"search_term_string"}}],"inLanguage":"es"},{"@type":"Organization","@id":"https:\/\/www.revista-notariado.org.ar\/#organization","name":"Revista del Notariado","url":"https:\/\/www.revista-notariado.org.ar\/","logo":{"@type":"ImageObject","inLanguage":"es","@id":"https:\/\/www.revista-notariado.org.ar\/#\/schema\/logo\/image\/","url":"https:\/\/www.revista-notariado.org.ar\/\/wp-content\/uploads\/2020\/06\/Logo-para.mail_.png","contentUrl":"https:\/\/www.revista-notariado.org.ar\/\/wp-content\/uploads\/2020\/06\/Logo-para.mail_.png","width":642,"height":80,"caption":"Revista del Notariado"},"image":{"@id":"https:\/\/www.revista-notariado.org.ar\/#\/schema\/logo\/image\/"},"sameAs":["https:\/\/www.facebook.com\/revistadelnotariado\/"]}]}},"jetpack_sharing_enabled":true,"_links":{"self":[{"href":"https:\/\/www.revista-notariado.org.ar\/index.php\/wp-json\/wp\/v2\/biografia\/8255"}],"collection":[{"href":"https:\/\/www.revista-notariado.org.ar\/index.php\/wp-json\/wp\/v2\/biografia"}],"about":[{"href":"https:\/\/www.revista-notariado.org.ar\/index.php\/wp-json\/wp\/v2\/types\/biografia"}],"author":[{"embeddable":true,"href":"https:\/\/www.revista-notariado.org.ar\/index.php\/wp-json\/wp\/v2\/users\/13"}],"replies":[{"embeddable":true,"href":"https:\/\/www.revista-notariado.org.ar\/index.php\/wp-json\/wp\/v2\/comments?post=8255"}],"version-history":[{"count":2,"href":"https:\/\/www.revista-notariado.org.ar\/index.php\/wp-json\/wp\/v2\/biografia\/8255\/revisions"}],"predecessor-version":[{"id":8300,"href":"https:\/\/www.revista-notariado.org.ar\/index.php\/wp-json\/wp\/v2\/biografia\/8255\/revisions\/8300"}],"wp:attachment":[{"href":"https:\/\/www.revista-notariado.org.ar\/index.php\/wp-json\/wp\/v2\/media?parent=8255"}],"curies":[{"name":"wp","href":"https:\/\/api.w.org\/{rel}","templated":true}]}}