{"id":8238,"date":"2019-10-31T12:08:18","date_gmt":"2019-10-31T15:08:18","guid":{"rendered":"http:\/\/www.revista-notariado.org.ar\/?post_type=biografia&#038;p=8238"},"modified":"2019-10-31T12:14:48","modified_gmt":"2019-10-31T15:14:48","slug":"walter-cesar-schmidt","status":"publish","type":"biografia","link":"https:\/\/www.revista-notariado.org.ar\/index.php\/biografia\/walter-cesar-schmidt\/","title":{"rendered":"Walter C\u00e9sar Schmidt"},"content":{"rendered":"<p><strong>Formaci\u00f3n acad\u00e9mica:<\/strong><\/p>\n<p><img loading=\"lazy\" decoding=\"async\" class=\"alignright size-full wp-image-8239\" src=\"https:\/\/www.revista-notariado.org.ar\/wp-content\/uploads\/2019\/10\/SCHMIDT_bio.png\" alt=\"SCHMIDT_bio\" width=\"200\" height=\"313\" \/>Abogado (Universidad Nacional de La Plata, 1993)<br \/>\nEscribano (Universidad Nacional de La Plata, 1993)<br \/>\nMagister en Abogac\u00eda Digital y Nuevas Tecnolog\u00edas (Universidad de Salamanca, 2019).<\/p>\n<p><strong>Actividad profesional:<\/strong><\/p>\n<p>Adscripto del Registro n\u00famero 2 del Partido de Leandro N. Alem (1996)<br \/>\nEscribano interinamente a cargo del Registro n\u00famero 2 del Partido de Leandro N. Alem (1999)<br \/>\nEncargado interino del Registro de Cr\u00e9ditos Prendarios con competencia exclusiva en maquinaria agr\u00edcola, vial e industrial del Partido de Leandro N. Alem (1999)<br \/>\nTitular por concurso del Registro n\u00famero 4 del Partido de Leandro N. Alem (2001-actualidad).<\/p>\n<p><strong>Actividad institucional y acad\u00e9mica<\/strong><\/p>\n<p>Ha participado en numerosas jornadas y congresos jur\u00eddicos y jur\u00eddico-notariales tanto nacionales como internacionales, como ponente, expositor y coordinador de temas.<br \/>\nHa sido miembro de la Junta Ejecutiva de la Delegaci\u00f3n Jun\u00edn del Colegio de Escribanos de la Provincia de Buenos Aires en varios per\u00edodos desde el a\u00f1o 2000, actuando como presidente en el per\u00edodo 2016-2018.<br \/>\nMiembro de la Comisi\u00f3n de Inform\u00e1tica del Colegio de Escribanos de la Provincia de Buenos Aires.<br \/>\nMiembro de la Comisi\u00f3n ad-hoc del Colegio de Escribanos de la Provincia de Buenos Aires para el Estudio de los Proyectos de Ley de Firma Digital.<br \/>\nHa sido miembro del Consejo Directivo del Colegio de Escribanos de la Provincia de Buenos Aires en varios per\u00edodos, desde el a\u00f1o 2004.<br \/>\nSecretario de Inform\u00e1tica del Colegio de Escribanos de la Provincia de Buenos Aires (2006-2008)<br \/>\nAsesor de la Secretar\u00eda de Inform\u00e1tica del Colegio de Escribanos de la Provincia de Buenos Aires (2008-2010).<br \/>\nConsejero Federal de la Provincia de Buenos Aires ante el Consejo Federal del Notariado Argentino (2010-2013).<br \/>\nMiembro de la Comisi\u00f3n de Firma Digital del Consejo Federal del Notariado Argentino (2010-2013)<br \/>\nMiembro del Instituto de Sistemas e Inform\u00e1tica Notarial de la Universidad Notarial Argentina.<br \/>\nMiembro de la Comisi\u00f3n de Firma Digital del Consejo Federal del Notariado Argentino (2013-2016)<br \/>\nMiembro del Grupo de Trabajo Modernizaci\u00f3n del Notariado y del Grupo de Trabajo Titulaci\u00f3n Masiva de la Uni\u00f3n Internacional del Notariado.<br \/>\nCoordinador de la Comisi\u00f3n Titulaci\u00f3n Masiva de la Comisi\u00f3n de Asuntos Americanos de la Uni\u00f3n Internacional del Notariado (UINL)<br \/>\nConsejero Titular del Consejo Provincial de Vivienda y H\u00e1bitat de la Provincia de Buenos Aires.<\/p>\n<p><strong>Actividad docente:<\/strong><\/p>\n<p>Profesor Titular en la materia Derecho Tributario aplicado a la actividad Notarial de la Universidad Nacional del Noroeste (2017-actualidad).<br \/>\nDocente de la Universidad Notarial Argentina en la Diplomatura de Documentaci\u00f3n Electr\u00f3nica y en la Maestr\u00eda de Derecho Notarial.<br \/>\nAuxiliar Docente Interino en la materia Pr\u00e1ctica notarial y Registral de la Universidad Nacional de La Plata (2000-2001).<br \/>\n<strong>Publicaciones:<\/strong><\/p>\n<p>Co-autor\u00eda en <em>El documento electr\u00f3nico. Un reto a la seguridad jur\u00eddica<\/em> (coordinado por Francisco Javier Garc\u00eda Mas; Madrid, Dykinson, 2014).<\/p>\n<p><strong>Condecoraciones:<\/strong><\/p>\n<p>Condecoraci\u00f3n de Escribano Ilustre de la Rep\u00fablica del Paraguay, otorgada por el Colegio de Escribanos del Paraguay (2015).<br \/>\nCondecoraci\u00f3n al M\u00e9rito Notarial en el grado Cruz de Plata otorgada por la Comisi\u00f3n de Asuntos Americanos de la Uni\u00f3n Internacional del Notariado (2016).<\/p>\n","protected":false},"excerpt":{"rendered":"<p>Formaci\u00f3n acad\u00e9mica: Abogado (Universidad Nacional de La Plata, 1993) Escribano (Universidad Nacional de La Plata, 1993) Magister en Abogac\u00eda Digital y Nuevas Tecnolog\u00edas (Universidad de Salamanca, 2019). Actividad profesional: Adscripto [&hellip;]<\/p>\n","protected":false},"author":13,"featured_media":0,"menu_order":0,"comment_status":"closed","ping_status":"open","template":"","format":"standard","meta":{"_et_pb_use_builder":"","_et_pb_old_content":"","_et_gb_content_width":"","spay_email":"","footnotes":""},"class_list":["post-8238","biografia","type-biografia","status-publish","format-standard","hentry","cv_autor-bio"],"yoast_head":"<!-- This site is optimized with the Yoast SEO plugin v23.6 - https:\/\/yoast.com\/wordpress\/plugins\/seo\/ -->\n<title>Walter C\u00e9sar Schmidt - Revista del Notariado<\/title>\n<meta name=\"robots\" content=\"index, follow, max-snippet:-1, max-image-preview:large, max-video-preview:-1\" \/>\n<link rel=\"canonical\" href=\"https:\/\/www.revista-notariado.org.ar\/index.php\/biografia\/walter-cesar-schmidt\/\" \/>\n<meta property=\"og:locale\" content=\"es_ES\" \/>\n<meta property=\"og:type\" content=\"article\" \/>\n<meta property=\"og:title\" content=\"Walter C\u00e9sar Schmidt - Revista del Notariado\" \/>\n<meta property=\"og:description\" content=\"Formaci\u00f3n acad\u00e9mica: Abogado (Universidad Nacional de La Plata, 1993) Escribano (Universidad Nacional de La Plata, 1993) Magister en Abogac\u00eda Digital y Nuevas Tecnolog\u00edas (Universidad de Salamanca, 2019). Actividad profesional: Adscripto [&hellip;]\" \/>\n<meta property=\"og:url\" content=\"https:\/\/www.revista-notariado.org.ar\/index.php\/biografia\/walter-cesar-schmidt\/\" \/>\n<meta property=\"og:site_name\" content=\"Revista del Notariado\" \/>\n<meta property=\"article:publisher\" content=\"https:\/\/www.facebook.com\/revistadelnotariado\/\" \/>\n<meta property=\"article:modified_time\" content=\"2019-10-31T15:14:48+00:00\" \/>\n<meta property=\"og:image\" content=\"https:\/\/www.revista-notariado.org.ar\/wp-content\/uploads\/2019\/10\/SCHMIDT_bio.png\" \/>\n<meta name=\"twitter:card\" content=\"summary_large_image\" \/>\n<meta name=\"twitter:label1\" content=\"Tiempo de lectura\" \/>\n\t<meta name=\"twitter:data1\" content=\"3 minutos\" \/>\n<script type=\"application\/ld+json\" class=\"yoast-schema-graph\">{\"@context\":\"https:\/\/schema.org\",\"@graph\":[{\"@type\":\"WebPage\",\"@id\":\"https:\/\/www.revista-notariado.org.ar\/index.php\/biografia\/walter-cesar-schmidt\/\",\"url\":\"https:\/\/www.revista-notariado.org.ar\/index.php\/biografia\/walter-cesar-schmidt\/\",\"name\":\"Walter C\u00e9sar Schmidt - Revista del Notariado\",\"isPartOf\":{\"@id\":\"https:\/\/www.revista-notariado.org.ar\/#website\"},\"primaryImageOfPage\":{\"@id\":\"https:\/\/www.revista-notariado.org.ar\/index.php\/biografia\/walter-cesar-schmidt\/#primaryimage\"},\"image\":{\"@id\":\"https:\/\/www.revista-notariado.org.ar\/index.php\/biografia\/walter-cesar-schmidt\/#primaryimage\"},\"thumbnailUrl\":\"https:\/\/www.revista-notariado.org.ar\/wp-content\/uploads\/2019\/10\/SCHMIDT_bio.png\",\"datePublished\":\"2019-10-31T15:08:18+00:00\",\"dateModified\":\"2019-10-31T15:14:48+00:00\",\"breadcrumb\":{\"@id\":\"https:\/\/www.revista-notariado.org.ar\/index.php\/biografia\/walter-cesar-schmidt\/#breadcrumb\"},\"inLanguage\":\"es\",\"potentialAction\":[{\"@type\":\"ReadAction\",\"target\":[\"https:\/\/www.revista-notariado.org.ar\/index.php\/biografia\/walter-cesar-schmidt\/\"]}]},{\"@type\":\"ImageObject\",\"inLanguage\":\"es\",\"@id\":\"https:\/\/www.revista-notariado.org.ar\/index.php\/biografia\/walter-cesar-schmidt\/#primaryimage\",\"url\":\"https:\/\/www.revista-notariado.org.ar\/\/wp-content\/uploads\/2019\/10\/SCHMIDT_bio.png\",\"contentUrl\":\"https:\/\/www.revista-notariado.org.ar\/\/wp-content\/uploads\/2019\/10\/SCHMIDT_bio.png\",\"width\":200,\"height\":313},{\"@type\":\"BreadcrumbList\",\"@id\":\"https:\/\/www.revista-notariado.org.ar\/index.php\/biografia\/walter-cesar-schmidt\/#breadcrumb\",\"itemListElement\":[{\"@type\":\"ListItem\",\"position\":1,\"name\":\"Portada\",\"item\":\"https:\/\/www.revista-notariado.org.ar\/\"},{\"@type\":\"ListItem\",\"position\":2,\"name\":\"Walter C\u00e9sar Schmidt\"}]},{\"@type\":\"WebSite\",\"@id\":\"https:\/\/www.revista-notariado.org.ar\/#website\",\"url\":\"https:\/\/www.revista-notariado.org.ar\/\",\"name\":\"Revista del Notariado\",\"description\":\"Director: Carlos Marcelo D&#039;Alessio\",\"publisher\":{\"@id\":\"https:\/\/www.revista-notariado.org.ar\/#organization\"},\"potentialAction\":[{\"@type\":\"SearchAction\",\"target\":{\"@type\":\"EntryPoint\",\"urlTemplate\":\"https:\/\/www.revista-notariado.org.ar\/?s={search_term_string}\"},\"query-input\":{\"@type\":\"PropertyValueSpecification\",\"valueRequired\":true,\"valueName\":\"search_term_string\"}}],\"inLanguage\":\"es\"},{\"@type\":\"Organization\",\"@id\":\"https:\/\/www.revista-notariado.org.ar\/#organization\",\"name\":\"Revista del Notariado\",\"url\":\"https:\/\/www.revista-notariado.org.ar\/\",\"logo\":{\"@type\":\"ImageObject\",\"inLanguage\":\"es\",\"@id\":\"https:\/\/www.revista-notariado.org.ar\/#\/schema\/logo\/image\/\",\"url\":\"https:\/\/www.revista-notariado.org.ar\/\/wp-content\/uploads\/2020\/06\/Logo-para.mail_.png\",\"contentUrl\":\"https:\/\/www.revista-notariado.org.ar\/\/wp-content\/uploads\/2020\/06\/Logo-para.mail_.png\",\"width\":642,\"height\":80,\"caption\":\"Revista del Notariado\"},\"image\":{\"@id\":\"https:\/\/www.revista-notariado.org.ar\/#\/schema\/logo\/image\/\"},\"sameAs\":[\"https:\/\/www.facebook.com\/revistadelnotariado\/\"]}]}<\/script>\n<!-- \/ Yoast SEO plugin. -->","yoast_head_json":{"title":"Walter C\u00e9sar Schmidt - Revista del Notariado","robots":{"index":"index","follow":"follow","max-snippet":"max-snippet:-1","max-image-preview":"max-image-preview:large","max-video-preview":"max-video-preview:-1"},"canonical":"https:\/\/www.revista-notariado.org.ar\/index.php\/biografia\/walter-cesar-schmidt\/","og_locale":"es_ES","og_type":"article","og_title":"Walter C\u00e9sar Schmidt - Revista del Notariado","og_description":"Formaci\u00f3n acad\u00e9mica: Abogado (Universidad Nacional de La Plata, 1993) Escribano (Universidad Nacional de La Plata, 1993) Magister en Abogac\u00eda Digital y Nuevas Tecnolog\u00edas (Universidad de Salamanca, 2019). Actividad profesional: Adscripto [&hellip;]","og_url":"https:\/\/www.revista-notariado.org.ar\/index.php\/biografia\/walter-cesar-schmidt\/","og_site_name":"Revista del Notariado","article_publisher":"https:\/\/www.facebook.com\/revistadelnotariado\/","article_modified_time":"2019-10-31T15:14:48+00:00","og_image":[{"url":"https:\/\/www.revista-notariado.org.ar\/wp-content\/uploads\/2019\/10\/SCHMIDT_bio.png"}],"twitter_card":"summary_large_image","twitter_misc":{"Tiempo de lectura":"3 minutos"},"schema":{"@context":"https:\/\/schema.org","@graph":[{"@type":"WebPage","@id":"https:\/\/www.revista-notariado.org.ar\/index.php\/biografia\/walter-cesar-schmidt\/","url":"https:\/\/www.revista-notariado.org.ar\/index.php\/biografia\/walter-cesar-schmidt\/","name":"Walter C\u00e9sar Schmidt - Revista del Notariado","isPartOf":{"@id":"https:\/\/www.revista-notariado.org.ar\/#website"},"primaryImageOfPage":{"@id":"https:\/\/www.revista-notariado.org.ar\/index.php\/biografia\/walter-cesar-schmidt\/#primaryimage"},"image":{"@id":"https:\/\/www.revista-notariado.org.ar\/index.php\/biografia\/walter-cesar-schmidt\/#primaryimage"},"thumbnailUrl":"https:\/\/www.revista-notariado.org.ar\/wp-content\/uploads\/2019\/10\/SCHMIDT_bio.png","datePublished":"2019-10-31T15:08:18+00:00","dateModified":"2019-10-31T15:14:48+00:00","breadcrumb":{"@id":"https:\/\/www.revista-notariado.org.ar\/index.php\/biografia\/walter-cesar-schmidt\/#breadcrumb"},"inLanguage":"es","potentialAction":[{"@type":"ReadAction","target":["https:\/\/www.revista-notariado.org.ar\/index.php\/biografia\/walter-cesar-schmidt\/"]}]},{"@type":"ImageObject","inLanguage":"es","@id":"https:\/\/www.revista-notariado.org.ar\/index.php\/biografia\/walter-cesar-schmidt\/#primaryimage","url":"https:\/\/www.revista-notariado.org.ar\/\/wp-content\/uploads\/2019\/10\/SCHMIDT_bio.png","contentUrl":"https:\/\/www.revista-notariado.org.ar\/\/wp-content\/uploads\/2019\/10\/SCHMIDT_bio.png","width":200,"height":313},{"@type":"BreadcrumbList","@id":"https:\/\/www.revista-notariado.org.ar\/index.php\/biografia\/walter-cesar-schmidt\/#breadcrumb","itemListElement":[{"@type":"ListItem","position":1,"name":"Portada","item":"https:\/\/www.revista-notariado.org.ar\/"},{"@type":"ListItem","position":2,"name":"Walter C\u00e9sar Schmidt"}]},{"@type":"WebSite","@id":"https:\/\/www.revista-notariado.org.ar\/#website","url":"https:\/\/www.revista-notariado.org.ar\/","name":"Revista del Notariado","description":"Director: Carlos Marcelo D&#039;Alessio","publisher":{"@id":"https:\/\/www.revista-notariado.org.ar\/#organization"},"potentialAction":[{"@type":"SearchAction","target":{"@type":"EntryPoint","urlTemplate":"https:\/\/www.revista-notariado.org.ar\/?s={search_term_string}"},"query-input":{"@type":"PropertyValueSpecification","valueRequired":true,"valueName":"search_term_string"}}],"inLanguage":"es"},{"@type":"Organization","@id":"https:\/\/www.revista-notariado.org.ar\/#organization","name":"Revista del Notariado","url":"https:\/\/www.revista-notariado.org.ar\/","logo":{"@type":"ImageObject","inLanguage":"es","@id":"https:\/\/www.revista-notariado.org.ar\/#\/schema\/logo\/image\/","url":"https:\/\/www.revista-notariado.org.ar\/\/wp-content\/uploads\/2020\/06\/Logo-para.mail_.png","contentUrl":"https:\/\/www.revista-notariado.org.ar\/\/wp-content\/uploads\/2020\/06\/Logo-para.mail_.png","width":642,"height":80,"caption":"Revista del Notariado"},"image":{"@id":"https:\/\/www.revista-notariado.org.ar\/#\/schema\/logo\/image\/"},"sameAs":["https:\/\/www.facebook.com\/revistadelnotariado\/"]}]}},"jetpack_sharing_enabled":true,"_links":{"self":[{"href":"https:\/\/www.revista-notariado.org.ar\/index.php\/wp-json\/wp\/v2\/biografia\/8238"}],"collection":[{"href":"https:\/\/www.revista-notariado.org.ar\/index.php\/wp-json\/wp\/v2\/biografia"}],"about":[{"href":"https:\/\/www.revista-notariado.org.ar\/index.php\/wp-json\/wp\/v2\/types\/biografia"}],"author":[{"embeddable":true,"href":"https:\/\/www.revista-notariado.org.ar\/index.php\/wp-json\/wp\/v2\/users\/13"}],"replies":[{"embeddable":true,"href":"https:\/\/www.revista-notariado.org.ar\/index.php\/wp-json\/wp\/v2\/comments?post=8238"}],"version-history":[{"count":1,"href":"https:\/\/www.revista-notariado.org.ar\/index.php\/wp-json\/wp\/v2\/biografia\/8238\/revisions"}],"predecessor-version":[{"id":8240,"href":"https:\/\/www.revista-notariado.org.ar\/index.php\/wp-json\/wp\/v2\/biografia\/8238\/revisions\/8240"}],"wp:attachment":[{"href":"https:\/\/www.revista-notariado.org.ar\/index.php\/wp-json\/wp\/v2\/media?parent=8238"}],"curies":[{"name":"wp","href":"https:\/\/api.w.org\/{rel}","templated":true}]}}