{"id":8207,"date":"2019-10-22T16:52:12","date_gmt":"2019-10-22T19:52:12","guid":{"rendered":"http:\/\/www.revista-notariado.org.ar\/?post_type=biografia&#038;p=8207"},"modified":"2019-10-22T16:54:38","modified_gmt":"2019-10-22T19:54:38","slug":"sofia-teresa-scotti","status":"publish","type":"biografia","link":"https:\/\/www.revista-notariado.org.ar\/index.php\/biografia\/sofia-teresa-scotti\/","title":{"rendered":"Sof\u00eda Teresa Scotti"},"content":{"rendered":"<p><img loading=\"lazy\" decoding=\"async\" class=\"alignright size-full wp-image-8208\" src=\"https:\/\/www.revista-notariado.org.ar\/wp-content\/uploads\/2019\/10\/SCOTTI_bio.jpg\" alt=\"SCOTTI_bio\" width=\"200\" height=\"260\" \/>Abogada (Universidad Nacional de La Plata, 2012). Procuradora (Universidad Nacional de La Plata, 2012). Escribana (Universidad Nacional de La Plata, 2013).<\/p>\n<p>En ejercicio de la funci\u00f3n notarial en el Distrito Notarial de La Plata, Provincia de Buenos Aires, desde el a\u00f1o 2013.<\/p>\n<p>Escribana RNRD N\u00ba1 del Partido de La Plata (Resoluci\u00f3n 40\/15 de la Direcci\u00f3n de Titularizaci\u00f3n de Inmuebles &#8211; SSTUyV, Ministerio de Desarrollo Social).<\/p>\n<p>Inspectora notarial del Departamento de Inspecci\u00f3n de Protocolos del Colegio Notarial de la Provincia de R\u00edo Negro (2018 &#8211; actualidad).<\/p>\n<p>Profesora adjunta de Pr\u00e1ctica Notarial 1 (Universidad Nacional de La Plata, 2016).<\/p>\n<p>Profesora adjunta de Pr\u00e1ctica Notarial 2 (Universidad Nacional de La Plata, 2016-2018).<\/p>\n<p>Autora y coautora de ponencias y trabajos galardonados con premios en jornadas nacionales de derecho notarial.<\/p>\n<p>Colaboradora en la obra\u00a0<em>C\u00f3digo Civil y Comercial de la Naci\u00f3n comentado, anotado y concordado. Modelos de redacci\u00f3n sugeridos<\/em>, coordinada por Eduardo Gabriel Clusellas (Buenos Aires, Astrea-FEN, 2015), tomo 8, arts. 2532 a 2543.<\/p>\n","protected":false},"excerpt":{"rendered":"<p>Abogada (Universidad Nacional de La Plata, 2012). Procuradora (Universidad Nacional de La Plata, 2012). Escribana (Universidad Nacional de La Plata, 2013). En ejercicio de la funci\u00f3n notarial en el Distrito [&hellip;]<\/p>\n","protected":false},"author":13,"featured_media":0,"menu_order":0,"comment_status":"closed","ping_status":"open","template":"","format":"standard","meta":{"_et_pb_use_builder":"","_et_pb_old_content":"","_et_gb_content_width":"","spay_email":"","footnotes":""},"class_list":["post-8207","biografia","type-biografia","status-publish","format-standard","hentry","cv_autor-bio"],"yoast_head":"<!-- This site is optimized with the Yoast SEO plugin v23.6 - https:\/\/yoast.com\/wordpress\/plugins\/seo\/ -->\n<title>Sof\u00eda Teresa Scotti - Revista del Notariado<\/title>\n<meta name=\"robots\" content=\"index, follow, max-snippet:-1, max-image-preview:large, max-video-preview:-1\" \/>\n<link rel=\"canonical\" href=\"https:\/\/www.revista-notariado.org.ar\/index.php\/biografia\/sofia-teresa-scotti\/\" \/>\n<meta property=\"og:locale\" content=\"es_ES\" \/>\n<meta property=\"og:type\" content=\"article\" \/>\n<meta property=\"og:title\" content=\"Sof\u00eda Teresa Scotti - Revista del Notariado\" \/>\n<meta property=\"og:description\" content=\"Abogada (Universidad Nacional de La Plata, 2012). Procuradora (Universidad Nacional de La Plata, 2012). Escribana (Universidad Nacional de La Plata, 2013). En ejercicio de la funci\u00f3n notarial en el Distrito [&hellip;]\" \/>\n<meta property=\"og:url\" content=\"https:\/\/www.revista-notariado.org.ar\/index.php\/biografia\/sofia-teresa-scotti\/\" \/>\n<meta property=\"og:site_name\" content=\"Revista del Notariado\" \/>\n<meta property=\"article:publisher\" content=\"https:\/\/www.facebook.com\/revistadelnotariado\/\" \/>\n<meta property=\"article:modified_time\" content=\"2019-10-22T19:54:38+00:00\" \/>\n<meta property=\"og:image\" content=\"https:\/\/www.revista-notariado.org.ar\/wp-content\/uploads\/2019\/10\/SCOTTI_bio.jpg\" \/>\n<meta name=\"twitter:card\" content=\"summary_large_image\" \/>\n<meta name=\"twitter:label1\" content=\"Tiempo de lectura\" \/>\n\t<meta name=\"twitter:data1\" content=\"1 minuto\" \/>\n<script type=\"application\/ld+json\" class=\"yoast-schema-graph\">{\"@context\":\"https:\/\/schema.org\",\"@graph\":[{\"@type\":\"WebPage\",\"@id\":\"https:\/\/www.revista-notariado.org.ar\/index.php\/biografia\/sofia-teresa-scotti\/\",\"url\":\"https:\/\/www.revista-notariado.org.ar\/index.php\/biografia\/sofia-teresa-scotti\/\",\"name\":\"Sof\u00eda Teresa Scotti - Revista del Notariado\",\"isPartOf\":{\"@id\":\"https:\/\/www.revista-notariado.org.ar\/#website\"},\"primaryImageOfPage\":{\"@id\":\"https:\/\/www.revista-notariado.org.ar\/index.php\/biografia\/sofia-teresa-scotti\/#primaryimage\"},\"image\":{\"@id\":\"https:\/\/www.revista-notariado.org.ar\/index.php\/biografia\/sofia-teresa-scotti\/#primaryimage\"},\"thumbnailUrl\":\"https:\/\/www.revista-notariado.org.ar\/wp-content\/uploads\/2019\/10\/SCOTTI_bio.jpg\",\"datePublished\":\"2019-10-22T19:52:12+00:00\",\"dateModified\":\"2019-10-22T19:54:38+00:00\",\"breadcrumb\":{\"@id\":\"https:\/\/www.revista-notariado.org.ar\/index.php\/biografia\/sofia-teresa-scotti\/#breadcrumb\"},\"inLanguage\":\"es\",\"potentialAction\":[{\"@type\":\"ReadAction\",\"target\":[\"https:\/\/www.revista-notariado.org.ar\/index.php\/biografia\/sofia-teresa-scotti\/\"]}]},{\"@type\":\"ImageObject\",\"inLanguage\":\"es\",\"@id\":\"https:\/\/www.revista-notariado.org.ar\/index.php\/biografia\/sofia-teresa-scotti\/#primaryimage\",\"url\":\"https:\/\/www.revista-notariado.org.ar\/\/wp-content\/uploads\/2019\/10\/SCOTTI_bio.jpg\",\"contentUrl\":\"https:\/\/www.revista-notariado.org.ar\/\/wp-content\/uploads\/2019\/10\/SCOTTI_bio.jpg\",\"width\":200,\"height\":260},{\"@type\":\"BreadcrumbList\",\"@id\":\"https:\/\/www.revista-notariado.org.ar\/index.php\/biografia\/sofia-teresa-scotti\/#breadcrumb\",\"itemListElement\":[{\"@type\":\"ListItem\",\"position\":1,\"name\":\"Portada\",\"item\":\"https:\/\/www.revista-notariado.org.ar\/\"},{\"@type\":\"ListItem\",\"position\":2,\"name\":\"Sof\u00eda Teresa Scotti\"}]},{\"@type\":\"WebSite\",\"@id\":\"https:\/\/www.revista-notariado.org.ar\/#website\",\"url\":\"https:\/\/www.revista-notariado.org.ar\/\",\"name\":\"Revista del Notariado\",\"description\":\"Director: Carlos Marcelo D&#039;Alessio\",\"publisher\":{\"@id\":\"https:\/\/www.revista-notariado.org.ar\/#organization\"},\"potentialAction\":[{\"@type\":\"SearchAction\",\"target\":{\"@type\":\"EntryPoint\",\"urlTemplate\":\"https:\/\/www.revista-notariado.org.ar\/?s={search_term_string}\"},\"query-input\":{\"@type\":\"PropertyValueSpecification\",\"valueRequired\":true,\"valueName\":\"search_term_string\"}}],\"inLanguage\":\"es\"},{\"@type\":\"Organization\",\"@id\":\"https:\/\/www.revista-notariado.org.ar\/#organization\",\"name\":\"Revista del Notariado\",\"url\":\"https:\/\/www.revista-notariado.org.ar\/\",\"logo\":{\"@type\":\"ImageObject\",\"inLanguage\":\"es\",\"@id\":\"https:\/\/www.revista-notariado.org.ar\/#\/schema\/logo\/image\/\",\"url\":\"https:\/\/www.revista-notariado.org.ar\/\/wp-content\/uploads\/2020\/06\/Logo-para.mail_.png\",\"contentUrl\":\"https:\/\/www.revista-notariado.org.ar\/\/wp-content\/uploads\/2020\/06\/Logo-para.mail_.png\",\"width\":642,\"height\":80,\"caption\":\"Revista del Notariado\"},\"image\":{\"@id\":\"https:\/\/www.revista-notariado.org.ar\/#\/schema\/logo\/image\/\"},\"sameAs\":[\"https:\/\/www.facebook.com\/revistadelnotariado\/\"]}]}<\/script>\n<!-- \/ Yoast SEO plugin. -->","yoast_head_json":{"title":"Sof\u00eda Teresa Scotti - Revista del Notariado","robots":{"index":"index","follow":"follow","max-snippet":"max-snippet:-1","max-image-preview":"max-image-preview:large","max-video-preview":"max-video-preview:-1"},"canonical":"https:\/\/www.revista-notariado.org.ar\/index.php\/biografia\/sofia-teresa-scotti\/","og_locale":"es_ES","og_type":"article","og_title":"Sof\u00eda Teresa Scotti - Revista del Notariado","og_description":"Abogada (Universidad Nacional de La Plata, 2012). Procuradora (Universidad Nacional de La Plata, 2012). Escribana (Universidad Nacional de La Plata, 2013). En ejercicio de la funci\u00f3n notarial en el Distrito [&hellip;]","og_url":"https:\/\/www.revista-notariado.org.ar\/index.php\/biografia\/sofia-teresa-scotti\/","og_site_name":"Revista del Notariado","article_publisher":"https:\/\/www.facebook.com\/revistadelnotariado\/","article_modified_time":"2019-10-22T19:54:38+00:00","og_image":[{"url":"https:\/\/www.revista-notariado.org.ar\/wp-content\/uploads\/2019\/10\/SCOTTI_bio.jpg"}],"twitter_card":"summary_large_image","twitter_misc":{"Tiempo de lectura":"1 minuto"},"schema":{"@context":"https:\/\/schema.org","@graph":[{"@type":"WebPage","@id":"https:\/\/www.revista-notariado.org.ar\/index.php\/biografia\/sofia-teresa-scotti\/","url":"https:\/\/www.revista-notariado.org.ar\/index.php\/biografia\/sofia-teresa-scotti\/","name":"Sof\u00eda Teresa Scotti - Revista del Notariado","isPartOf":{"@id":"https:\/\/www.revista-notariado.org.ar\/#website"},"primaryImageOfPage":{"@id":"https:\/\/www.revista-notariado.org.ar\/index.php\/biografia\/sofia-teresa-scotti\/#primaryimage"},"image":{"@id":"https:\/\/www.revista-notariado.org.ar\/index.php\/biografia\/sofia-teresa-scotti\/#primaryimage"},"thumbnailUrl":"https:\/\/www.revista-notariado.org.ar\/wp-content\/uploads\/2019\/10\/SCOTTI_bio.jpg","datePublished":"2019-10-22T19:52:12+00:00","dateModified":"2019-10-22T19:54:38+00:00","breadcrumb":{"@id":"https:\/\/www.revista-notariado.org.ar\/index.php\/biografia\/sofia-teresa-scotti\/#breadcrumb"},"inLanguage":"es","potentialAction":[{"@type":"ReadAction","target":["https:\/\/www.revista-notariado.org.ar\/index.php\/biografia\/sofia-teresa-scotti\/"]}]},{"@type":"ImageObject","inLanguage":"es","@id":"https:\/\/www.revista-notariado.org.ar\/index.php\/biografia\/sofia-teresa-scotti\/#primaryimage","url":"https:\/\/www.revista-notariado.org.ar\/\/wp-content\/uploads\/2019\/10\/SCOTTI_bio.jpg","contentUrl":"https:\/\/www.revista-notariado.org.ar\/\/wp-content\/uploads\/2019\/10\/SCOTTI_bio.jpg","width":200,"height":260},{"@type":"BreadcrumbList","@id":"https:\/\/www.revista-notariado.org.ar\/index.php\/biografia\/sofia-teresa-scotti\/#breadcrumb","itemListElement":[{"@type":"ListItem","position":1,"name":"Portada","item":"https:\/\/www.revista-notariado.org.ar\/"},{"@type":"ListItem","position":2,"name":"Sof\u00eda Teresa Scotti"}]},{"@type":"WebSite","@id":"https:\/\/www.revista-notariado.org.ar\/#website","url":"https:\/\/www.revista-notariado.org.ar\/","name":"Revista del Notariado","description":"Director: Carlos Marcelo D&#039;Alessio","publisher":{"@id":"https:\/\/www.revista-notariado.org.ar\/#organization"},"potentialAction":[{"@type":"SearchAction","target":{"@type":"EntryPoint","urlTemplate":"https:\/\/www.revista-notariado.org.ar\/?s={search_term_string}"},"query-input":{"@type":"PropertyValueSpecification","valueRequired":true,"valueName":"search_term_string"}}],"inLanguage":"es"},{"@type":"Organization","@id":"https:\/\/www.revista-notariado.org.ar\/#organization","name":"Revista del Notariado","url":"https:\/\/www.revista-notariado.org.ar\/","logo":{"@type":"ImageObject","inLanguage":"es","@id":"https:\/\/www.revista-notariado.org.ar\/#\/schema\/logo\/image\/","url":"https:\/\/www.revista-notariado.org.ar\/\/wp-content\/uploads\/2020\/06\/Logo-para.mail_.png","contentUrl":"https:\/\/www.revista-notariado.org.ar\/\/wp-content\/uploads\/2020\/06\/Logo-para.mail_.png","width":642,"height":80,"caption":"Revista del Notariado"},"image":{"@id":"https:\/\/www.revista-notariado.org.ar\/#\/schema\/logo\/image\/"},"sameAs":["https:\/\/www.facebook.com\/revistadelnotariado\/"]}]}},"jetpack_sharing_enabled":true,"_links":{"self":[{"href":"https:\/\/www.revista-notariado.org.ar\/index.php\/wp-json\/wp\/v2\/biografia\/8207"}],"collection":[{"href":"https:\/\/www.revista-notariado.org.ar\/index.php\/wp-json\/wp\/v2\/biografia"}],"about":[{"href":"https:\/\/www.revista-notariado.org.ar\/index.php\/wp-json\/wp\/v2\/types\/biografia"}],"author":[{"embeddable":true,"href":"https:\/\/www.revista-notariado.org.ar\/index.php\/wp-json\/wp\/v2\/users\/13"}],"replies":[{"embeddable":true,"href":"https:\/\/www.revista-notariado.org.ar\/index.php\/wp-json\/wp\/v2\/comments?post=8207"}],"version-history":[{"count":3,"href":"https:\/\/www.revista-notariado.org.ar\/index.php\/wp-json\/wp\/v2\/biografia\/8207\/revisions"}],"predecessor-version":[{"id":8211,"href":"https:\/\/www.revista-notariado.org.ar\/index.php\/wp-json\/wp\/v2\/biografia\/8207\/revisions\/8211"}],"wp:attachment":[{"href":"https:\/\/www.revista-notariado.org.ar\/index.php\/wp-json\/wp\/v2\/media?parent=8207"}],"curies":[{"name":"wp","href":"https:\/\/api.w.org\/{rel}","templated":true}]}}